{"id":3933,"date":"2024-06-27T14:03:19","date_gmt":"2024-06-27T12:03:19","guid":{"rendered":"https:\/\/www.istitutoici.com\/?page_id=3933"},"modified":"2024-08-01T09:18:39","modified_gmt":"2024-08-01T07:18:39","slug":"psicoterapia-per-leta-evolutiva","status":"publish","type":"page","link":"https:\/\/www.istitutoici.com\/index.php\/psicoterapia-per-leta-evolutiva\/","title":{"rendered":"Unit\u00e0 clinica &#8220;Psicoterapia per l&#8217;et\u00e0 evolutiva&#8221;"},"content":{"rendered":"<div class=\"wpb-content-wrapper\"><p>[vc_row][vc_column]\n\t\t\t<!-- START DEF_Psicoterapia et\u00e0 evolutiva REVOLUTION SLIDER 6.7.41 --><p class=\"rs-p-wp-fix\"><\/p>\n\t\t\t<rs-module-wrap id=\"rev_slider_8_1_wrapper\" data-source=\"gallery\" style=\"visibility:hidden;background:transparent;padding:0;margin:0px auto;margin-top:0;margin-bottom:0;\">\n\t\t\t\t<rs-module id=\"rev_slider_8_1\" style=\"\" data-version=\"6.7.41\">\n\t\t\t\t\t<rs-slides style=\"overflow: hidden; position: absolute;\">\n\t\t\t\t\t\t<rs-slide style=\"position: absolute;\" data-key=\"rs-31\" data-title=\"Slide\" data-in=\"o:0;\" data-out=\"a:false;\">\n\t\t\t\t\t\t\t<img decoding=\"async\" src=\"\/\/www.istitutoici.com\/wp-content\/plugins\/revslider\/sr6\/assets\/assets\/dummy.png\" alt=\"Psicoterapia per eta evolutiva\" title=\"Psicoterapia per eta evolutiva 1240&#215;400\" width=\"1240\" height=\"400\" class=\"rev-slidebg tp-rs-img rs-lazyload\" data-lazyload=\"\/\/www.istitutoici.com\/wp-content\/uploads\/2024\/07\/Psicoterapia-per-eta-evolutiva-1240x400-1.jpg\" data-no-retina>\n<!--\n\t\t\t\t\t\t\t--><rs-layer\n\t\t\t\t\t\t\t\tid=\"slider-8-slide-31-layer-1\" \n\t\t\t\t\t\t\t\tdata-type=\"text\"\n\t\t\t\t\t\t\t\tdata-color=\"#616370\"\n\t\t\t\t\t\t\t\tdata-rsp_ch=\"on\"\n\t\t\t\t\t\t\t\tdata-xy=\"xo:56px,48px,20px,13px;yo:97px,132px,59px,84px;\"\n\t\t\t\t\t\t\t\tdata-text=\"w:normal;s:35,36,32,28;l:40,40,37,30;ls:-1px,0px,0px,0px;fw:800;\"\n\t\t\t\t\t\t\t\tdata-dim=\"w:auto,416px,auto,auto;minh:0px,none,none,none;\"\n\t\t\t\t\t\t\t\tdata-frame_999=\"o:0;st:w;\"\n\t\t\t\t\t\t\t\tstyle=\"z-index:6;font-family:'Tahoma', 'Geneva', 'sans-serif';text-transform:uppercase;\"\n\t\t\t\t\t\t\t>Psicoterapia <br \/>\nper l'et\u00e0 evolutiva \n\t\t\t\t\t\t\t<\/rs-layer><!--\n\n\t\t\t\t\t\t\t--><a\n\t\t\t\t\t\t\t\tid=\"slider-8-slide-31-layer-4\" \n\t\t\t\t\t\t\t\tclass=\"rs-layer rev-btn\"\n\t\t\t\t\t\t\t\thref=\"https:\/\/www.istitutoici.com\/index.php\/richiedi-un-appuntamento\/\" target=\"_self\"\n\t\t\t\t\t\t\t\tdata-type=\"button\"\n\t\t\t\t\t\t\t\tdata-rsp_ch=\"on\"\n\t\t\t\t\t\t\t\tdata-xy=\"xo:58px,43px,14px,15px;yo:237px,295px,380px,185px;\"\n\t\t\t\t\t\t\t\tdata-text=\"w:normal;s:13,13,19,11;l:31,32,45,27;fw:500;\"\n\t\t\t\t\t\t\t\tdata-dim=\"minh:0,none,none,none;\"\n\t\t\t\t\t\t\t\tdata-padding=\"r:20,21,29,18;l:20,21,29,18;\"\n\t\t\t\t\t\t\t\tdata-border=\"bor:25px,25px,25px,25px;\"\n\t\t\t\t\t\t\t\tdata-frame_999=\"o:0;st:w;\"\n\t\t\t\t\t\t\t\tdata-frame_hover=\"bgc:#007aff;bor:25px,25px,25px,25px;bri:120%;\"\n\t\t\t\t\t\t\t\tstyle=\"z-index:9;background-color:#5d77cc;font-family:'Roboto';\"\n\t\t\t\t\t\t\t>Contatta il Centro \n\t\t\t\t\t\t\t<\/a><!--\n\n\t\t\t\t\t\t\t--><rs-layer\n\t\t\t\t\t\t\t\tid=\"slider-8-slide-31-layer-5\" \n\t\t\t\t\t\t\t\tdata-type=\"text\"\n\t\t\t\t\t\t\t\tdata-color=\"#616370\"\n\t\t\t\t\t\t\t\tdata-rsp_ch=\"on\"\n\t\t\t\t\t\t\t\tdata-xy=\"xo:60px,53px,22px,16px;yo:59px,89px,23px,56px;\"\n\t\t\t\t\t\t\t\tdata-text=\"w:normal;s:18,21,20,15;l:40,49,48,37;ls:0px,2px,1px,0px;fw:500;a:center;\"\n\t\t\t\t\t\t\t\tdata-dim=\"minh:0px,none,none,none;\"\n\t\t\t\t\t\t\t\tdata-frame_1=\"y:1px,0px,0px,0px;\"\n\t\t\t\t\t\t\t\tdata-frame_999=\"o:0;st:8900;\"\n\t\t\t\t\t\t\t\tstyle=\"z-index:7;font-family:'Tahoma', 'Geneva', 'sans-serif';\"\n\t\t\t\t\t\t\t>Unit\u00e0 clinica \n\t\t\t\t\t\t\t<\/rs-layer><!--\n-->\t\t\t\t\t<\/rs-slide>\n\t\t\t\t\t<\/rs-slides>\n\t\t\t\t\t<rs-static-layers><!--\n\t\t\t\t\t--><\/rs-static-layers>\n\t\t\t\t<\/rs-module>\n\t\t\t\t<script>\n\t\t\t\t\tsetREVStartSize({c: 'rev_slider_8_1',rl:[1240,1024,778,480],el:[400,768,300,300],gw:[1240,1024,778,480],gh:[400,768,300,300],type:'standard',justify:'',layout:'fullwidth',mh:\"0\"});if (window.RS_MODULES!==undefined && window.RS_MODULES.modules!==undefined && window.RS_MODULES.modules[\"revslider81\"]!==undefined) {window.RS_MODULES.modules[\"revslider81\"].once = false;window.revapi8 = undefined;if (window.RS_MODULES.checkMinimal!==undefined) window.RS_MODULES.checkMinimal()}\n\t\t\t\t<\/script>\n\t\t\t<\/rs-module-wrap>\n\t\t\t<!-- END REVOLUTION SLIDER -->\n[vc_empty_space][\/vc_column][\/vc_row][vc_row full_width=&#8221;stretch_row_content_no_spaces&#8221; content_placement=&#8221;middle&#8221;][vc_column width=&#8221;1\/6&#8243; offset=&#8221;vc_col-lg-offset-0&#8243;][\/vc_column][vc_column width=&#8221;2\/3&#8243;][vc_custom_heading text=&#8221;Interventi di sostegno psicologico e di psicoterapia rivolti a bambini e ragazzi&#8221; font_container=&#8221;tag:h2|font_size:18|text_align:left|color:%235d77cc&#8221; google_fonts=&#8221;font_family:Arimo%3Aregular%2Citalic%2C700%2C700italic|font_style:700%20bold%20regular%3A700%3Anormal&#8221; css=&#8221;&#8221;][vc_empty_space height=&#8221;5px&#8221;][vc_column_text css=&#8221;&#8221;]<\/p>\n<p style=\"text-align: justify; line-height: 18px !important;\">L\u2019Unit\u00e0 di psicoterapia per l\u2019et\u00e0 evolutiva offre interventi di sostegno psicologico e di psicoterapia rivolti a bambini e ragazzi che manifestano difficolt\u00e0 emotive e comportamentali, associate ad un disturbo del neurosviluppo o psicopatologico e\/o reattivi a eventi di vita.<br \/>\nLe figure professionali che operano nell\u2019unit\u00e0 effettuano percorsi personalizzati, sulla base delle caratteristiche del singolo caso, attraverso l\u2019applicazione di approcci e metodologie evidence-based.<br \/>\nRivolgendosi in maniera specifica all\u2019et\u00e0 evolutiva, il servizio \u00e8 strutturato per una presa in carico globale del paziente, che vede il minore coinvolto e parte attiva all\u2019interno di un sistema che lo mette in relazione con altri contesti, primi tra tutti quello familiare e quello scolastico. Il servizio prevede infatti uno spazio anche per la coppia genitoriale, attraverso delle consulenze e percorsi di sostegno alla genitorialit\u00e0 o di parent (o teacher) training come parte integrante del percorso di cura.<br \/>\nLa presa in carico avviene attraverso una prima visita con il neuropsichiatra, durante la quale si raccolgono dati anamnestici e tutte le informazioni utili per concettualizzare gli elementi all\u2019interno di un profilo clinico e individuare il percorso di cura pi\u00f9 idoneo o indirizzare il paziente verso un percorso psicodiagnostico propedeutico all\u2019avvio dell\u2019intervento terapeutico.<\/p>\n<p>[\/vc_column_text][vc_empty_space height=&#8221;20px&#8221;][\/vc_column][vc_column width=&#8221;1\/6&#8243;][\/vc_column][\/vc_row][vc_row full_width=&#8221;stretch_row_content_no_spaces&#8221; content_placement=&#8221;top&#8221; css=&#8221;.vc_custom_1719490611505{background-color: #a7b7eb !important;}&#8221;][vc_column width=&#8221;1\/6&#8243; css=&#8221;.vc_custom_1719352757983{padding-left: 30px !important;}&#8221;][\/vc_column][vc_column width=&#8221;2\/6&#8243; css=&#8221;.vc_custom_1720039956416{padding-right: 30px !important;}&#8221;][vc_custom_heading text=&#8221;La nostra equipe multidisciplinare&#8221; font_container=&#8221;tag:h2|font_size:18|text_align:left|color:%236b6b6b&#8221; google_fonts=&#8221;font_family:Arimo%3Aregular%2Citalic%2C700%2C700italic|font_style:700%20bold%20regular%3A700%3Anormal&#8221; css=&#8221;&#8221;][vc_column_text css=&#8221;&#8221;]<\/p>\n<p style=\"line-height: 18px !important;\"><span style=\"color: #333333; font-size: 14px; line-height: 16px !important;\"><br \/>\nIl team \u00e8 composto da professionisti specializzati nell\u2019ambito dei Disturbi e delle problematiche dell\u2019Et\u00e0 Evolutiva.<\/span><\/p>\n<p style=\"line-height: 18px !important;\"><span style=\"color: #333333; font-size: 14px; line-height: 16px !important;\">L\u2019equipe \u00e8 composta da:<br \/>\n\u2013 psicologi specializzati nella valutazione psicodiagnostica di tutti i disturbi psicopatologici in et\u00e0 evolutiva<br \/>\n\u2013 psicoterapeuti specializzati nel trattamento cognitivo-comportamentale dei disturbi dell\u2019et\u00e0 evolutiva;<br \/>\n\u2013 neuropsichiatri infantili che si occupano della valutazione psicodiagnostica in pazienti in et\u00e0 evolutiva<br \/>\n\u2013 logopedisti che si occupano di prevenzione, diagnosi e trattamento dei disturbi del linguaggio, della comunicazione e delle problematiche dell\u2019apprendimento.[\/vc_column_text][vc_empty_space height=&#8221;30px&#8221;][vc_btn title=&#8221;Vedi la nostra equipe&#8221; style=&#8221;outline-custom&#8221; outline_custom_color=&#8221;#666666&#8243; outline_custom_hover_background=&#8221;#666666&#8243; outline_custom_hover_text=&#8221;#ffffff&#8221; shape=&#8221;round&#8221; size=&#8221;sm&#8221; css=&#8221;&#8221; link=&#8221;url:https%3A%2F%2Fwww.istitutoici.com%2Findex.php%2Fequipe%2F&#8221;][\/vc_column][vc_column width=&#8221;1\/3&#8243;][vc_single_image image=&#8221;4241&#8243; img_size=&#8221;300&#215;300&#8243; alignment=&#8221;right&#8221; style=&#8221;vc_box_circle_2&#8243; css=&#8221;&#8221;][vc_empty_space height=&#8221;22px&#8221;][\/vc_column][\/vc_row][vc_row full_width=&#8221;stretch_row_content_no_spaces&#8221; content_placement=&#8221;middle&#8221; css=&#8221;.vc_custom_1719490657767{background-color: #5c77d0 !important;}&#8221;][vc_column width=&#8221;1\/6&#8243; offset=&#8221;vc_col-lg-offset-0&#8243;][\/vc_column][vc_column width=&#8221;2\/3&#8243;][vc_custom_heading text=&#8221;I NOSTRI SERVIZI&#8221; font_container=&#8221;tag:h2|font_size:22|text_align:center|color:%23ffffff&#8221; google_fonts=&#8221;font_family:Arimo%3Aregular%2Citalic%2C700%2C700italic|font_style:700%20bold%20regular%3A700%3Anormal&#8221; css=&#8221;&#8221;][\/vc_column][vc_column width=&#8221;1\/6&#8243;][\/vc_column][\/vc_row][vc_row full_width=&#8221;stretch_row_content_no_spaces&#8221; content_placement=&#8221;top&#8221; css=&#8221;.vc_custom_1719490667286{background-color: #5c77d0 !important;}&#8221;][vc_column width=&#8221;1\/6&#8243;][\/vc_column][vc_column width=&#8221;1\/3&#8243;][vc_btn title=&#8221;Visita specialistica neuropsichiatrica&#8221; style=&#8221;gradient-custom&#8221; gradient_custom_color_1=&#8221;#ffffff&#8221; gradient_custom_color_2=&#8221;#5c77d0&#8243; gradient_text_color=&#8221;#5c77d0&#8243; shape=&#8221;round&#8221; size=&#8221;lg&#8221; align=&#8221;left&#8221; css=&#8221;&#8221; button_block=&#8221;true&#8221; link=&#8221;url:https%3A%2F%2Fwww.istitutoici.com%2Findex.php%2Fvisita-neuropsichiatrica-infantile%2F&#8221;][\/vc_column][vc_column width=&#8221;1\/3&#8243; css=&#8221;.vc_custom_1719407568268{padding-left: 30px !important;}&#8221;][vc_btn title=&#8221;Psicoterapia&#8221; style=&#8221;gradient-custom&#8221; gradient_custom_color_1=&#8221;#ffffff&#8221; gradient_custom_color_2=&#8221;#5c77d0&#8243; gradient_text_color=&#8221;#5c77d0&#8243; shape=&#8221;round&#8221; size=&#8221;lg&#8221; align=&#8221;left&#8221; css=&#8221;&#8221; button_block=&#8221;true&#8221;][\/vc_column][\/vc_row][vc_row full_width=&#8221;stretch_row_content_no_spaces&#8221; content_placement=&#8221;top&#8221;][vc_column width=&#8221;1\/6&#8243; offset=&#8221;vc_col-lg-offset-0&#8243;][\/vc_column][vc_column width=&#8221;2\/3&#8243;][vc_column_text css=&#8221;&#8221;]<\/span><\/p>\n<p style=\"text-align: justify; line-height: 18px !important;\">I disturbi del neurosviluppo si manifestano nelle prime fasi dello sviluppo e sono caratterizzati da deficit del funzionamento personale, sociale, scolastico o lavorativo.<br \/>\nIl deficit varia da limitazioni molto specifiche dell\u2019apprendimento fino alla compromissione globale delle abilit\u00e0 sociali e dell\u2019intelligenza.<br \/>\nNei disturbi del neurosviluppo sono stati inseriti la disabilit\u00e0 intellettiva, i disturbi della comunicazione, il disturbo dello spettro autistico, il disturbo da deficit di attenzione\/iperattivit\u00e0, il disturbo specifico dell\u2019apprendimento e i disturbi del movimento. Questo complesso di disturbi comporta un elevato carico sanitario, sociale ed economico.<\/p>\n<p>[\/vc_column_text][vc_empty_space height=&#8221;20px&#8221;][vc_custom_heading text=&#8221;Quali disturbi del neurosviluppo trattiamo?&#8221; font_container=&#8221;tag:h2|font_size:18|text_align:left|color:%235c77d0&#8243; google_fonts=&#8221;font_family:Arimo%3Aregular%2Citalic%2C700%2C700italic|font_style:700%20bold%20regular%3A700%3Anormal&#8221; css=&#8221;&#8221;][\/vc_column][vc_column width=&#8221;1\/6&#8243;][\/vc_column][\/vc_row][vc_row full_width=&#8221;stretch_row_content_no_spaces&#8221; content_placement=&#8221;top&#8221;][vc_column width=&#8221;1\/6&#8243; offset=&#8221;vc_col-lg-offset-0&#8243;][\/vc_column][vc_column width=&#8221;2\/6&#8243;][vc_tta_accordion title_tag=&#8221;h3&#8243; section_title_tag=&#8221;h5&#8243; style=&#8221;outline&#8221; shape=&#8221;round&#8221; color=&#8221;blue&#8221; spacing=&#8221;5&#8243; c_align=&#8221;left&#8221; c_position=&#8221;right&#8221; active_section=&#8221;0&#8243; collapsible_all=&#8221;true&#8221;][vc_tta_section title=&#8221;Disturbi specifici dell&#8217;apprendimento&#8221; tab_id=&#8221;1719408849561-f8d80684-91d7&#8243;][vc_column_text css=&#8221;&#8221;]<\/p>\n<p style=\"text-align: justify; line-height: 18px !important;\">L\u2019attivit\u00e0 di riabilitazione dei processi di apprendimento ha lo scopo in primis di potenziare le competenze che il paziente esprime in modo deficitario nell\u2019ambito della lettura, della scrittura, del calcolo e del ragionamento numerico. Naturalmente, le variabili emotive e motivazionali vengono attentamente monitorate per garantire una presa in carico volta all\u2019aumento del benessere generale del paziente. <a href=\"https:\/\/www.istitutoici.com\/index.php\/disturbi-specifici-apprendimento\/\"><em>Leggi di pi\u00f9<\/em><\/a><\/p>\n<p>[\/vc_column_text][\/vc_tta_section][vc_tta_section title=&#8221;Disabilit\u00e0 intellettive&#8221; tab_id=&#8221;1719408849604-61fe62e4-93a9&#8243;][vc_column_text css=&#8221;&#8221;]<\/p>\n<p style=\"text-align: justify; line-height: 18px !important;\">L\u2019attivit\u00e0 di riabilitazione per i soggetti con Disabilit\u00e0 intellettiva ha molteplici sfaccettature, legate alla complessit\u00e0 della diagnosi e dei possibili deficit nel funzionamento del bambino o del ragazzo. In senso ampio, l\u2019intervento a favore delle persone con Disabilit\u00e0 intellettiva deve essere multidisciplinare e coinvolgere tutte le agenzie formative-educative all\u2019interno del quale \u00e8 inserita la persona. Nell\u2019Unit\u00e0 clinica di Riabilitazione dell\u2019ICI, per i bambini e i ragazzi con Disabilit\u00e0 intellettiva si implementano percorsi finalizzati al potenziamento delle competenze cognitive e delle competenze linguistiche e comunicative. Per una presa in carico globale riferimento all\u2019\u00e9quipe dell\u2019unit\u00e0 clinica di neuroriabilitazione. <a href=\"https:\/\/www.istitutoici.com\/index.php\/disabilita-intellettiva\/\"><em>Leggi di pi\u00f9<\/em><\/a>[\/vc_column_text][\/vc_tta_section][vc_tta_section title=&#8221;Disturbi della comunicazione&#8221; tab_id=&#8221;1719408849652-cee4fb34-40ed&#8221;][vc_column_text css=&#8221;&#8221;]<\/p>\n<p style=\"text-align: justify; line-height: 18px !important;\">Il Ritardo di linguaggio \u00e8 un rallentamento dello sviluppo del linguaggio, in assenza di altri disturbi (neurologici, cognitivi e sensoriali), che si identifica fra i 24 mesi e 3 anni di et\u00e0.<\/p>\n<p>Gli elementi che permettono di identificare un ritardo di linguaggio sono:<br \/>\n-vocabolario espressivo limitato dai 24 mesi<br \/>\n-assenza di combinazione a partire dai 30 mesi<br \/>\n<a href=\"https:\/\/www.istitutoici.com\/index.php\/disturbi-della-comunicazione\/\"><em>Leggi di pi\u00f9<\/em><\/a><\/p>\n<p>[\/vc_column_text][\/vc_tta_section][vc_tta_section title=&#8221;Disturbi da deficit dell&#8217;attenzione\/iperattivit\u00e0&#8221; tab_id=&#8221;1719408849706-acab499e-b91f&#8221;][vc_column_text css=&#8221;&#8221;]<\/p>\n<p style=\"text-align: justify; line-height: 18px !important;\">Il disturbo da Deficit di Attenzione e Iperattivit\u00e0 (dall\u2019acronimo inglese ADHD, Attention Deficit Hyperactivity Disorder) viene incluso tra i disturbi neuroevolutivi per la sua specificit\u00e0 cognitivo-neuropsicologico. \u00c8 un disturbo pervasivo che si caratterizza in et\u00e0 evolutiva, inizialmente pu\u00f2 comportare un insieme di difficolt\u00e0 sul piano dei problemi primari (distraibilit\u00e0, impulsivit\u00e0, iperattivit\u00e0) successivamente le difficolt\u00e0 possono spostarsi sul piano relazionale e possono avere anche una conseguente difficolt\u00e0 di adattamento sul piano sia scolastico sia extrascolastico.<a href=\"https:\/\/www.istitutoici.com\/index.php\/disturbo-da-deficit-attenzione-iperattivita\/\"><em> Leggi di pi\u00f9<\/em><\/a><\/p>\n<p>[\/vc_column_text][\/vc_tta_section][vc_tta_section title=&#8221;Disturbi del movimento&#8221; tab_id=&#8221;1719408849751-bef6ed69-acb6&#8243;][vc_column_text css=&#8221;&#8221;]<\/p>\n<p style=\"text-align: justify; line-height: 18px !important;\">I disturbi del movimento sono disturbi del neurosviluppo che comprendono varie etichette diagnostiche, ognuna delle quali ha delle specifiche caratteristiche. In senso ampio, coinvolgono l\u2019organizzazione del movimento corporeo, a livello fine o grosso-motorio, che pu\u00f2 essere imprecisa, non finalizzata o non controllata. I bambini o i ragazzi con Disturbo dello sviluppo della coordinazione sono spesso definiti goffi, lenti o imprecisi nell\u2019esecuzione delle attivit\u00e0 motorie; a livello scolastico, possono incontrare difficolt\u00e0 nel realizzare la scrittura a livello grafico. I bambini o i ragazzi con Disturbo del movimento stereotipato presentano un comportamento motorio ripetitivo, apparentemente intenzionale, ma afinalistico (per esempio, scuotere le mani, battere la testa). I bambini o i ragazzi con Disturbo da tic presentano, nelle varie definizioni specifiche del disturbo, la presenza di tic, ovvero di movimenti o vocalizzazioni improvvisi, rapidi, ricorrenti motori non ritmici. <em><a href=\"https:\/\/www.istitutoici.com\/index.php\/disturbi-del-movimento\/\">Leggi di pi\u00f9<\/a><\/em><\/p>\n<p>[\/vc_column_text][\/vc_tta_section][vc_tta_section title=&#8221;Disturbi d&#8217;ansia&#8221; tab_id=&#8221;1719490846263-28f64ca0-9363&#8243;][vc_column_text css=&#8221;&#8221;]<\/p>\n<p style=\"text-align: justify; line-height: 18px !important;\">I disturbi dell\u2019et\u00e0 evolutiva hanno la caratteristica di esordire nelle prime fasi dello sviluppo della persona. Generalmente implicano una compromissione del funzionamento personale, sociale, scolastico o lavorativo.<br \/>\nAll\u2019interno della psicopatologia dello sviluppo, i disturbi d\u2019ansia rappresentano la patologia psichiatrica piu\u0300 comune in eta\u0300 evolutiva (MeriKangas et al., 2010; Kessler, Avenevoli, Costello, 2012) e si stima che un terzo degli adolescenti soddisfera\u0300 i criteri per un disturbo d\u2019ansia all\u2019eta\u0300 di 18 anni (MeriKangas et al., 2010). In letteratura il dibattito sul peso dei fattori ambientali e dei fattori genetici nel determinare lo sviluppo dei disturbi d\u2019ansia \u00e8 particolarmente acceso. Secondo R.Rapee (2001) i fattori in grado di determinare l\u2019insorgenza e il mantenimento dei disturbi d\u2019ansia in et\u00e0 evolutiva sono tre:<br \/>\n&#8211; i fattori genetici<br \/>\n&#8211; il temperamento del bambino<br \/>\n&#8211; i fattori ambientali, i quali comprendono lo stile educativo genitoriale ed eventualmente l\u2019ansia del genitore.<\/p>\n<p style=\"text-align: justify;\"><a href=\"https:\/\/www.istitutoici.com\/index.php\/disturbo-ansia-generalizzata\/\"><em>Leggi di pi\u00f9<\/em><\/a><\/p>\n<p>[\/vc_column_text][\/vc_tta_section][vc_tta_section title=&#8221;Disturbo ossessivo-compulsivo&#8221; tab_id=&#8221;1719491472620-e85b0371-e312&#8243;][vc_column_text css=&#8221;&#8221;]<\/p>\n<p style=\"text-align: justify; line-height: 18px !important;\">I disturbi dell\u2019et\u00e0 evolutiva hanno la caratteristica di esordire nelle prime fasi dello sviluppo della persona. Generalmente implicano una compromissione del funzionamento personale, sociale, scolastico o lavorativo.<br \/>\nIl Disturbo Ossessivo Compulsivo \u00e8 un quadro clinico fortemente invalidante. E\u2019 caratterizzato dalla presenza di pensieri intrusivi e ripetitivi (ossessioni) associati ad alti livelli d\u2019ansia e spesso accompagnati da prolungati comportamenti volti a neutralizzare il pensiero ossessivo e l\u2019ansia (compulsioni).<\/p>\n<p style=\"text-align: justify;\"><a href=\"https:\/\/www.istitutoici.com\/index.php\/disturbo-ossessivo-compulsivo-doc\/\"><em>Leggi di pi\u00f9<\/em><\/a><\/p>\n<p>[\/vc_column_text][\/vc_tta_section][\/vc_tta_accordion][\/vc_column][vc_column width=&#8221;1\/6&#8243;][\/vc_column][vc_column width=&#8221;1\/6&#8243;][\/vc_column][vc_column width=&#8221;1\/6&#8243;][\/vc_column][\/vc_row][vc_row full_width=&#8221;stretch_row_content_no_spaces&#8221; css=&#8221;.vc_custom_1720098451158{padding-right: 150px !important;padding-left: 150px !important;background-color: #edf7ec !important;}&#8221;][vc_column width=&#8221;1\/6&#8243;][\/vc_column][vc_column width=&#8221;2\/3&#8243;][vc_custom_heading text=&#8221;Richiedi un appuntamento&#8221; font_container=&#8221;tag:h2|font_size:28|text_align:center|color:%2358af4b|line_height:26px&#8221; google_fonts=&#8221;font_family:Arimo%3Aregular%2Citalic%2C700%2C700italic|font_style:700%20bold%20regular%3A700%3Anormal&#8221; css=&#8221;&#8221;][vc_custom_heading text=&#8221;Raccontaci le tue esigenze e ti risponderemo al pi\u00f9 presto&#8221; font_container=&#8221;tag:h2|font_size:18|text_align:center|color:%2358af4b|line_height:16px&#8221; google_fonts=&#8221;font_family:Arimo%3Aregular%2Citalic%2C700%2C700italic|font_style:700%20bold%20regular%3A700%3Anormal&#8221; css=&#8221;&#8221;][vc_empty_space height=&#8221;22px&#8221;][\/vc_column][vc_column width=&#8221;1\/6&#8243;][\/vc_column][\/vc_row][vc_row full_width=&#8221;stretch_row_content_no_spaces&#8221; gap=&#8221;15&#8243; equal_height=&#8221;yes&#8221; css=&#8221;.vc_custom_1722347198589{padding-bottom: -120px !important;background-color: #edf7ec !important;}&#8221;][vc_column width=&#8221;1\/6&#8243;][\/vc_column][vc_column width=&#8221;1\/3&#8243;][vc_single_image image=&#8221;4254&#8243; img_size=&#8221;large&#8221; css=&#8221;.vc_custom_1720098319637{border-left-width: 30% !important;}&#8221;][\/vc_column][vc_column width=&#8221;1\/3&#8243;]\n<div class=\"wpcf7 no-js\" id=\"wpcf7-f2650-o1\" lang=\"en-US\" dir=\"ltr\" data-wpcf7-id=\"2650\">\n<div class=\"screen-reader-response\"><p role=\"status\" aria-live=\"polite\" aria-atomic=\"true\"><\/p> <ul><\/ul><\/div>\n<form action=\"\/index.php\/wp-json\/wp\/v2\/pages\/3933#wpcf7-f2650-o1\" method=\"post\" class=\"wpcf7-form init\" aria-label=\"Contact form\" novalidate=\"novalidate\" data-status=\"init\">\n<fieldset class=\"hidden-fields-container\"><input type=\"hidden\" name=\"_wpcf7\" value=\"2650\" \/><input type=\"hidden\" name=\"_wpcf7_version\" value=\"6.1.5\" \/><input type=\"hidden\" name=\"_wpcf7_locale\" value=\"en_US\" \/><input type=\"hidden\" name=\"_wpcf7_unit_tag\" value=\"wpcf7-f2650-o1\" \/><input type=\"hidden\" name=\"_wpcf7_container_post\" value=\"0\" \/><input type=\"hidden\" name=\"_wpcf7_posted_data_hash\" value=\"\" \/>\n<\/fieldset>\n<div class=\"form-group\">\n\t<div>\n\t\t<h4 style=\"font-family:Source Sans Pro, sans-serif;\">Nome :\n\t\t<\/h4>\n\t\t<p><span class=\"wpcf7-form-control-wrap\" data-name=\"nome\"><input size=\"40\" maxlength=\"400\" class=\"wpcf7-form-control wpcf7-text wpcf7-validates-as-required\" aria-required=\"true\" aria-invalid=\"false\" value=\"\" type=\"text\" name=\"nome\" \/><\/span>\n\t\t<\/p>\n\t<\/div>\n\t<div class=\"form-group\" style=\"font-family:Source Sans Pro, sans-serif;\">\n\t\t<div>\n\t\t\t<h4 style=\"font-family:Source Sans Pro, sans-serif;\">Cognome :\n\t\t\t<\/h4>\n\t\t<\/div>\n\t\t<p><span class=\"wpcf7-form-control-wrap\" data-name=\"cognome\"><input size=\"40\" maxlength=\"400\" class=\"wpcf7-form-control wpcf7-text wpcf7-validates-as-required\" aria-required=\"true\" aria-invalid=\"false\" value=\"\" type=\"text\" name=\"cognome\" \/><\/span>\n\t\t<\/p>\n\t<\/div>\n\t<div class=\"form-group\" style=\"font-family:Source Sans Pro, sans-serif;\">\n\t\t<div>\n\t\t\t<h4 style=\"font-family:Source Sans Pro, sans-serif;\">Email :\n\t\t\t<\/h4>\n\t\t<\/div>\n\t\t<p><span class=\"wpcf7-form-control-wrap\" data-name=\"mail\"><input size=\"40\" maxlength=\"400\" class=\"wpcf7-form-control wpcf7-email wpcf7-validates-as-required wpcf7-text wpcf7-validates-as-email\" aria-required=\"true\" aria-invalid=\"false\" value=\"\" type=\"email\" name=\"mail\" \/><\/span>\n\t\t<\/p>\n\t<\/div>\n\t<div class=\"form-group\" style=\"font-family:Source Sans Pro, sans-serif;\">\n\t\t<div>\n\t\t\t<h4 style=\"font-family:Source Sans Pro, sans-serif;\">Telefono :\n\t\t\t<\/h4>\n\t\t<\/div>\n\t\t<p><span class=\"wpcf7-form-control-wrap\" data-name=\"telefono\"><input size=\"40\" maxlength=\"400\" class=\"wpcf7-form-control wpcf7-text wpcf7-validates-as-required\" aria-required=\"true\" aria-invalid=\"false\" value=\"\" type=\"text\" name=\"telefono\" \/><\/span>\n\t\t<\/p>\n\t<\/div>\n\t<div class=\"form-group\" style=\"font-family:Source Sans Pro, sans-serif;\">\n\t\t<div>\n\t\t\t<h4 style=\"font-family:Source Sans Pro, sans-serif;\">Richiesta:\n\t\t\t<\/h4>\n\t\t<\/div>\n\t\t<p><span class=\"wpcf7-form-control-wrap\" data-name=\"messaggio\"><textarea cols=\"115\" rows=\"5\" maxlength=\"2000\" class=\"wpcf7-form-control wpcf7-textarea\" aria-invalid=\"false\" name=\"messaggio\"><\/textarea><\/span>\n\t\t<\/p>\n\t<\/div>\n<\/div>\n<p><span class=\"wpcf7-form-control-wrap\" data-name=\"checkbox-399\"><span class=\"wpcf7-form-control wpcf7-checkbox\" id=\"aggiornamenti\"><span class=\"wpcf7-list-item first last\"><input type=\"checkbox\" name=\"checkbox-399[]\" value=\"Voglio ricevere aggiornamenti\" \/><span class=\"wpcf7-list-item-label\">Voglio ricevere aggiornamenti<\/span><\/span><\/span><\/span><br \/>\n<span class=\"wpcf7-form-control-wrap\" data-name=\"checkbox-398\"><span class=\"wpcf7-form-control wpcf7-checkbox\"><span class=\"wpcf7-list-item first last\"><input type=\"checkbox\" name=\"checkbox-398[]\" value=\"Ai sensi e per gli effetti dell\u2019art. 13 del Reg. UE 2016\/679 dichiaro di aver preso visione dell\u2019informativa privacy e in particolare delle finalit\u00e0 A), B) e D)\" \/><span class=\"wpcf7-list-item-label\">Ai sensi e per gli effetti dell\u2019art. 13 del Reg. UE 2016\/679 dichiaro di aver preso visione dell\u2019informativa privacy e in particolare delle finalit\u00e0 A), B) e D)<\/span><\/span><\/span><\/span><br \/>\n<\/p>\n<div class=\"form-group\">\n\t<div class=\"text-left padd-top-20\">\n\t\t<p><input class=\"wpcf7-form-control wpcf7-submit has-spinner theme-btn btn-style-four\" type=\"submit\" value=\"VOGLIO UN APPUNTAMENTO\" \/>\n\t\t<\/p>\n\t<\/div>\n<\/div><div class=\"wpcf7-response-output\" aria-hidden=\"true\"><\/div>\n<\/form>\n<\/div>\n[\/vc_column][vc_column width=&#8221;1\/6&#8243;][\/vc_column][\/vc_row]<\/p>\n<\/div>","protected":false},"excerpt":{"rendered":"<p>[vc_row][vc_column][vc_empty_space][\/vc_column][\/vc_row][vc_row full_width=&#8221;stretch_row_content_no_spaces&#8221; content_placement=&#8221;middle&#8221;][vc_column width=&#8221;1\/6&#8243; offset=&#8221;vc_col-lg-offset-0&#8243;][\/vc_column][vc_column width=&#8221;2\/3&#8243;][vc_custom_heading text=&#8221;Interventi di sostegno psicologico e di psicoterapia rivolti a bambini e ragazzi&#8221; font_container=&#8221;tag:h2|font_size:18|text_align:left|color:%235d77cc&#8221; google_fonts=&#8221;font_family:Arimo%3Aregular%2Citalic%2C700%2C700italic|font_style:700%20bold%20regular%3A700%3Anormal&#8221; css=&#8221;&#8221;][vc_empty_space height=&#8221;5px&#8221;][vc_column_text css=&#8221;&#8221;] L\u2019Unit\u00e0 di psicoterapia per l\u2019et\u00e0 evolutiva offre interventi di sostegno psicologico e di psicoterapia rivolti a bambini e ragazzi che manifestano difficolt\u00e0 emotive e comportamentali, associate ad un disturbo del neurosviluppo o<\/p>\n","protected":false},"author":10,"featured_media":0,"parent":0,"menu_order":0,"comment_status":"closed","ping_status":"closed","template":"tpl-visual_composer.php","meta":{"footnotes":""},"class_list":["post-3933","page","type-page","status-publish","hentry"],"yoast_head":"<!-- This site is optimized with the Yoast SEO plugin v27.4 - https:\/\/yoast.com\/product\/yoast-seo-wordpress\/ -->\r\n<title>Unit\u00e0 clinica &quot;Psicoterapia per l&#039;et\u00e0 evolutiva&quot; - Centro clinico ICI<\/title>\r\n<meta name=\"robots\" content=\"index, follow, max-snippet:-1, max-image-preview:large, max-video-preview:-1\" \/>\r\n<link rel=\"canonical\" href=\"https:\/\/www.istitutoici.com\/index.php\/psicoterapia-per-leta-evolutiva\/\" \/>\r\n<meta property=\"og:locale\" content=\"it_IT\" \/>\r\n<meta property=\"og:type\" content=\"article\" \/>\r\n<meta property=\"og:title\" content=\"Unit\u00e0 clinica &quot;Psicoterapia per l&#039;et\u00e0 evolutiva&quot; - Centro clinico ICI\" \/>\r\n<meta property=\"og:description\" content=\"[vc_row][vc_column][vc_empty_space][\/vc_column][\/vc_row][vc_row full_width=&#8221;stretch_row_content_no_spaces&#8221; content_placement=&#8221;middle&#8221;][vc_column width=&#8221;1\/6&#8243; offset=&#8221;vc_col-lg-offset-0&#8243;][\/vc_column][vc_column width=&#8221;2\/3&#8243;][vc_custom_heading text=&#8221;Interventi di sostegno psicologico e di psicoterapia rivolti a bambini e ragazzi&#8221; font_container=&#8221;tag:h2|font_size:18|text_align:left|color:%235d77cc&#8221; google_fonts=&#8221;font_family:Arimo%3Aregular%2Citalic%2C700%2C700italic|font_style:700%20bold%20regular%3A700%3Anormal&#8221; css=&#8221;&#8221;][vc_empty_space height=&#8221;5px&#8221;][vc_column_text css=&#8221;&#8221;] L\u2019Unit\u00e0 di psicoterapia per l\u2019et\u00e0 evolutiva offre interventi di sostegno psicologico e di psicoterapia rivolti a bambini e ragazzi che manifestano difficolt\u00e0 emotive e comportamentali, associate ad un disturbo del neurosviluppo o\" \/>\r\n<meta property=\"og:url\" content=\"https:\/\/www.istitutoici.com\/index.php\/psicoterapia-per-leta-evolutiva\/\" \/>\r\n<meta property=\"og:site_name\" content=\"Centro clinico ICI\" \/>\r\n<meta property=\"article:modified_time\" content=\"2024-08-01T07:18:39+00:00\" \/>\r\n<meta name=\"twitter:card\" content=\"summary_large_image\" \/>\r\n<meta name=\"twitter:label1\" content=\"Tempo di lettura stimato\" \/>\n\t<meta name=\"twitter:data1\" content=\"7 minuti\" \/>\r\n<script type=\"application\/ld+json\" class=\"yoast-schema-graph\">{\"@context\":\"https:\\\/\\\/schema.org\",\"@graph\":[{\"@type\":\"WebPage\",\"@id\":\"https:\\\/\\\/www.istitutoici.com\\\/index.php\\\/psicoterapia-per-leta-evolutiva\\\/\",\"url\":\"https:\\\/\\\/www.istitutoici.com\\\/index.php\\\/psicoterapia-per-leta-evolutiva\\\/\",\"name\":\"Unit\u00e0 clinica \\\"Psicoterapia per l'et\u00e0 evolutiva\\\" - Centro clinico ICI\",\"isPartOf\":{\"@id\":\"https:\\\/\\\/www.istitutoici.com\\\/#website\"},\"datePublished\":\"2024-06-27T12:03:19+00:00\",\"dateModified\":\"2024-08-01T07:18:39+00:00\",\"breadcrumb\":{\"@id\":\"https:\\\/\\\/www.istitutoici.com\\\/index.php\\\/psicoterapia-per-leta-evolutiva\\\/#breadcrumb\"},\"inLanguage\":\"it-IT\",\"potentialAction\":[{\"@type\":\"ReadAction\",\"target\":[\"https:\\\/\\\/www.istitutoici.com\\\/index.php\\\/psicoterapia-per-leta-evolutiva\\\/\"]}]},{\"@type\":\"BreadcrumbList\",\"@id\":\"https:\\\/\\\/www.istitutoici.com\\\/index.php\\\/psicoterapia-per-leta-evolutiva\\\/#breadcrumb\",\"itemListElement\":[{\"@type\":\"ListItem\",\"position\":1,\"name\":\"Home\",\"item\":\"https:\\\/\\\/www.istitutoici.com\\\/\"},{\"@type\":\"ListItem\",\"position\":2,\"name\":\"Unit\u00e0 clinica &#8220;Psicoterapia per l&#8217;et\u00e0 evolutiva&#8221;\"}]},{\"@type\":\"WebSite\",\"@id\":\"https:\\\/\\\/www.istitutoici.com\\\/#website\",\"url\":\"https:\\\/\\\/www.istitutoici.com\\\/\",\"name\":\"Centro clinico ICI\",\"description\":\"Centro accreditato Regione Lazio\",\"potentialAction\":[{\"@type\":\"SearchAction\",\"target\":{\"@type\":\"EntryPoint\",\"urlTemplate\":\"https:\\\/\\\/www.istitutoici.com\\\/?s={search_term_string}\"},\"query-input\":{\"@type\":\"PropertyValueSpecification\",\"valueRequired\":true,\"valueName\":\"search_term_string\"}}],\"inLanguage\":\"it-IT\"}]}<\/script>\r\n<!-- \/ Yoast SEO plugin. -->","yoast_head_json":{"title":"Unit\u00e0 clinica \"Psicoterapia per l'et\u00e0 evolutiva\" - Centro clinico ICI","robots":{"index":"index","follow":"follow","max-snippet":"max-snippet:-1","max-image-preview":"max-image-preview:large","max-video-preview":"max-video-preview:-1"},"canonical":"https:\/\/www.istitutoici.com\/index.php\/psicoterapia-per-leta-evolutiva\/","og_locale":"it_IT","og_type":"article","og_title":"Unit\u00e0 clinica \"Psicoterapia per l'et\u00e0 evolutiva\" - Centro clinico ICI","og_description":"[vc_row][vc_column][vc_empty_space][\/vc_column][\/vc_row][vc_row full_width=&#8221;stretch_row_content_no_spaces&#8221; content_placement=&#8221;middle&#8221;][vc_column width=&#8221;1\/6&#8243; offset=&#8221;vc_col-lg-offset-0&#8243;][\/vc_column][vc_column width=&#8221;2\/3&#8243;][vc_custom_heading text=&#8221;Interventi di sostegno psicologico e di psicoterapia rivolti a bambini e ragazzi&#8221; font_container=&#8221;tag:h2|font_size:18|text_align:left|color:%235d77cc&#8221; google_fonts=&#8221;font_family:Arimo%3Aregular%2Citalic%2C700%2C700italic|font_style:700%20bold%20regular%3A700%3Anormal&#8221; css=&#8221;&#8221;][vc_empty_space height=&#8221;5px&#8221;][vc_column_text css=&#8221;&#8221;] L\u2019Unit\u00e0 di psicoterapia per l\u2019et\u00e0 evolutiva offre interventi di sostegno psicologico e di psicoterapia rivolti a bambini e ragazzi che manifestano difficolt\u00e0 emotive e comportamentali, associate ad un disturbo del neurosviluppo o","og_url":"https:\/\/www.istitutoici.com\/index.php\/psicoterapia-per-leta-evolutiva\/","og_site_name":"Centro clinico ICI","article_modified_time":"2024-08-01T07:18:39+00:00","twitter_card":"summary_large_image","twitter_misc":{"Tempo di lettura stimato":"7 minuti"},"schema":{"@context":"https:\/\/schema.org","@graph":[{"@type":"WebPage","@id":"https:\/\/www.istitutoici.com\/index.php\/psicoterapia-per-leta-evolutiva\/","url":"https:\/\/www.istitutoici.com\/index.php\/psicoterapia-per-leta-evolutiva\/","name":"Unit\u00e0 clinica \"Psicoterapia per l'et\u00e0 evolutiva\" - Centro clinico ICI","isPartOf":{"@id":"https:\/\/www.istitutoici.com\/#website"},"datePublished":"2024-06-27T12:03:19+00:00","dateModified":"2024-08-01T07:18:39+00:00","breadcrumb":{"@id":"https:\/\/www.istitutoici.com\/index.php\/psicoterapia-per-leta-evolutiva\/#breadcrumb"},"inLanguage":"it-IT","potentialAction":[{"@type":"ReadAction","target":["https:\/\/www.istitutoici.com\/index.php\/psicoterapia-per-leta-evolutiva\/"]}]},{"@type":"BreadcrumbList","@id":"https:\/\/www.istitutoici.com\/index.php\/psicoterapia-per-leta-evolutiva\/#breadcrumb","itemListElement":[{"@type":"ListItem","position":1,"name":"Home","item":"https:\/\/www.istitutoici.com\/"},{"@type":"ListItem","position":2,"name":"Unit\u00e0 clinica &#8220;Psicoterapia per l&#8217;et\u00e0 evolutiva&#8221;"}]},{"@type":"WebSite","@id":"https:\/\/www.istitutoici.com\/#website","url":"https:\/\/www.istitutoici.com\/","name":"Centro clinico ICI","description":"Centro accreditato Regione Lazio","potentialAction":[{"@type":"SearchAction","target":{"@type":"EntryPoint","urlTemplate":"https:\/\/www.istitutoici.com\/?s={search_term_string}"},"query-input":{"@type":"PropertyValueSpecification","valueRequired":true,"valueName":"search_term_string"}}],"inLanguage":"it-IT"}]}},"_links":{"self":[{"href":"https:\/\/www.istitutoici.com\/index.php\/wp-json\/wp\/v2\/pages\/3933","targetHints":{"allow":["GET"]}}],"collection":[{"href":"https:\/\/www.istitutoici.com\/index.php\/wp-json\/wp\/v2\/pages"}],"about":[{"href":"https:\/\/www.istitutoici.com\/index.php\/wp-json\/wp\/v2\/types\/page"}],"author":[{"embeddable":true,"href":"https:\/\/www.istitutoici.com\/index.php\/wp-json\/wp\/v2\/users\/10"}],"replies":[{"embeddable":true,"href":"https:\/\/www.istitutoici.com\/index.php\/wp-json\/wp\/v2\/comments?post=3933"}],"version-history":[{"count":38,"href":"https:\/\/www.istitutoici.com\/index.php\/wp-json\/wp\/v2\/pages\/3933\/revisions"}],"predecessor-version":[{"id":4646,"href":"https:\/\/www.istitutoici.com\/index.php\/wp-json\/wp\/v2\/pages\/3933\/revisions\/4646"}],"wp:attachment":[{"href":"https:\/\/www.istitutoici.com\/index.php\/wp-json\/wp\/v2\/media?parent=3933"}],"curies":[{"name":"wp","href":"https:\/\/api.w.org\/{rel}","templated":true}]}}