{"id":3991,"date":"2024-06-28T11:01:10","date_gmt":"2024-06-28T09:01:10","guid":{"rendered":"https:\/\/www.istitutoici.com\/?page_id=3991"},"modified":"2024-07-30T12:36:01","modified_gmt":"2024-07-30T10:36:01","slug":"disturbo-di-linguaggio-in-altra-condizione-patologica","status":"publish","type":"page","link":"https:\/\/www.istitutoici.com\/index.php\/disturbo-di-linguaggio-in-altra-condizione-patologica\/","title":{"rendered":"Disturbo di linguaggio in altra condizione patologica"},"content":{"rendered":"<div class=\"wpb-content-wrapper\"><p>[vc_row full_width=&#8221;stretch_row_content_no_spaces&#8221; content_placement=&#8221;middle&#8221; container=&#8221;1&#8243;][vc_column]\n\t\t\t<!-- START Disturbi del linguaggio in altra condizione patologica REVOLUTION SLIDER 6.7.41 --><p class=\"rs-p-wp-fix\"><\/p>\n\t\t\t<rs-module-wrap id=\"rev_slider_11_1_wrapper\" data-source=\"gallery\" style=\"visibility:hidden;background:transparent;padding:0;margin:0px auto;margin-top:0;margin-bottom:0;\">\n\t\t\t\t<rs-module id=\"rev_slider_11_1\" style=\"\" data-version=\"6.7.41\">\n\t\t\t\t\t<rs-slides style=\"overflow: hidden; position: absolute;\">\n\t\t\t\t\t\t<rs-slide style=\"position: absolute;\" data-key=\"rs-34\" data-title=\"Slide\" data-in=\"o:0;\" data-out=\"a:false;\" data-mediafilter=\"rise\">\n\t\t\t\t\t\t\t<img decoding=\"async\" src=\"\/\/www.istitutoici.com\/wp-content\/plugins\/revslider\/sr6\/assets\/assets\/dummy.png\" alt=\"bambini\" title=\"fondo\" width=\"1600\" height=\"378\" class=\"rev-slidebg tp-rs-img rs-lazyload\" data-lazyload=\"\/\/www.istitutoici.com\/wp-content\/uploads\/2024\/06\/fondo.png\" data-panzoom=\"d:10000;ss:100%;se:100;os:-80px\/10px;\" data-no-retina>\n<!--\n\t\t\t\t\t\t\t--><rs-layer\n\t\t\t\t\t\t\t\tid=\"slider-11-slide-34-layer-1\" \n\t\t\t\t\t\t\t\tdata-type=\"text\"\n\t\t\t\t\t\t\t\tdata-color=\"#616370\"\n\t\t\t\t\t\t\t\tdata-rsp_ch=\"on\"\n\t\t\t\t\t\t\t\tdata-xy=\"x:c;xo:-2px,48px,20px,2px;yo:81px,132px,59px,83px;\"\n\t\t\t\t\t\t\t\tdata-text=\"w:normal;s:35,36,32,24;l:40,40,37,25;ls:-1px,0px,0px,0px;fw:800;a:center;\"\n\t\t\t\t\t\t\t\tdata-dim=\"w:auto,737px,auto,auto;minh:0px,none,none,none;\"\n\t\t\t\t\t\t\t\tdata-frame_999=\"o:0;st:w;\"\n\t\t\t\t\t\t\t\tstyle=\"z-index:7;font-family:'Tahoma', 'Geneva', 'sans-serif';text-transform:uppercase;\"\n\t\t\t\t\t\t\t>Disturbi del linguaggio <br \/>\nin altra condizione patologica<br \/>\n \n\t\t\t\t\t\t\t<\/rs-layer><!--\n\n\t\t\t\t\t\t\t--><a\n\t\t\t\t\t\t\t\tid=\"slider-11-slide-34-layer-4\" \n\t\t\t\t\t\t\t\tclass=\"rs-layer rev-btn\"\n\t\t\t\t\t\t\t\thref=\"https:\/\/www.istitutoici.com\/index.php\/richiedi-un-appuntamento\/\" target=\"_self\"\n\t\t\t\t\t\t\t\tdata-type=\"button\"\n\t\t\t\t\t\t\t\tdata-rsp_ch=\"on\"\n\t\t\t\t\t\t\t\tdata-xy=\"x:c;xo:28px,58px,14px,11px;yo:218px,254px,380px,155px;\"\n\t\t\t\t\t\t\t\tdata-text=\"w:normal;s:12,13,19,9;l:27,31,45,21;fw:500;\"\n\t\t\t\t\t\t\t\tdata-dim=\"minh:0,none,none,none;\"\n\t\t\t\t\t\t\t\tdata-padding=\"r:17,20,29,14;l:17,20,29,14;\"\n\t\t\t\t\t\t\t\tdata-border=\"bor:25px,25px,25px,25px;\"\n\t\t\t\t\t\t\t\tdata-frame_999=\"o:0;st:w;\"\n\t\t\t\t\t\t\t\tdata-frame_hover=\"bgc:#007aff;bor:25px,25px,25px,25px;bri:120%;\"\n\t\t\t\t\t\t\t\tstyle=\"z-index:10;background-color:#114090;font-family:'Roboto';\"\n\t\t\t\t\t\t\t>Contatta il Centro \n\t\t\t\t\t\t\t<\/a><!--\n\n\t\t\t\t\t\t\t--><rs-layer\n\t\t\t\t\t\t\t\tid=\"slider-11-slide-34-layer-5\" \n\t\t\t\t\t\t\t\tdata-type=\"text\"\n\t\t\t\t\t\t\t\tdata-color=\"#616370\"\n\t\t\t\t\t\t\t\tdata-rsp_ch=\"on\"\n\t\t\t\t\t\t\t\tdata-xy=\"x:c;xo:0,53px,22px,13px;yo:48px,89px,23px,49px;\"\n\t\t\t\t\t\t\t\tdata-text=\"w:normal;s:18,21,20,15;l:40,49,48,37;ls:0px,2px,1px,0px;fw:500;a:center;\"\n\t\t\t\t\t\t\t\tdata-dim=\"minh:0px,none,none,none;\"\n\t\t\t\t\t\t\t\tdata-frame_999=\"o:0;st:w;\"\n\t\t\t\t\t\t\t\tstyle=\"z-index:8;font-family:'Tahoma', 'Geneva', 'sans-serif';\"\n\t\t\t\t\t\t\t>Disturbi trattati \n\t\t\t\t\t\t\t<\/rs-layer><!--\n-->\t\t\t\t\t<\/rs-slide>\n\t\t\t\t\t<\/rs-slides>\n\t\t\t\t<\/rs-module>\n\t\t\t\t<script>\n\t\t\t\t\tsetREVStartSize({c: 'rev_slider_11_1',rl:[1240,1024,778,480],el:[400,768,300,300],gw:[1240,1024,778,480],gh:[400,768,300,300],type:'standard',justify:'',layout:'fullwidth',mh:\"0\"});if (window.RS_MODULES!==undefined && window.RS_MODULES.modules!==undefined && window.RS_MODULES.modules[\"revslider111\"]!==undefined) {window.RS_MODULES.modules[\"revslider111\"].once = false;window.revapi11 = undefined;if (window.RS_MODULES.checkMinimal!==undefined) window.RS_MODULES.checkMinimal()}\n\t\t\t\t<\/script>\n\t\t\t<\/rs-module-wrap>\n\t\t\t<!-- END REVOLUTION SLIDER -->\n[vc_empty_space][\/vc_column][\/vc_row][vc_row][vc_column width=&#8221;1\/6&#8243;][\/vc_column][vc_column width=&#8221;4\/6&#8243;][vc_column_text css=&#8221;&#8221;]<\/p>\n<h3 style=\"text-align: justify; line-height: 18px !important;\"><span style=\"color: #114090;\"><strong>Che cos\u2019\u00e8 il disturbo di linguaggio in altra condizione patologica?<\/strong><\/span><\/h3>\n<p style=\"text-align: justify;\">Il disturbo di linguaggio in altra condizione patologica (o disturbo del linguaggio secondario) \u00e8 un disturbo che riguarda difficolt\u00e0 nelle abilit\u00e0 linguistiche conseguenti ad un quadro patologico.<\/p>\n<h4 style=\"text-align: justify;\"><strong><span style=\"color: #114090;\">Quali elementi caratterizzano il disturbo?<\/span><\/strong><\/h4>\n<p>&#8211; strutturali (come problemi uditivi, anomalie oro-bucco-facciali);<br \/>\n&#8211; neurologiche (epilessie, paralisi cerebrali infantili);<br \/>\n&#8211; disabilit\u00e0 intellettiva;<br \/>\n&#8211; quadri clinici specifici (sindromi genetiche, disturbi generalizzati dello sviluppo).<br \/>\nSi parla di disturbo secondario di linguaggio anche in presenza di grave deprivazione affettiva, sociale e di ipostimolazione.<\/p>\n<h4 style=\"text-align: justify;\"><strong><span style=\"color: #114090;\">Come si svolge il trattamento?<\/span><\/strong><\/h4>\n<p>[\/vc_column_text][vc_empty_space][\/vc_column][vc_column width=&#8221;1\/6&#8243;][\/vc_column][\/vc_row][vc_row][vc_column width=&#8221;1\/6&#8243;][\/vc_column][vc_column width=&#8221;2\/3&#8243;][vc_tta_accordion title_tag=&#8221;h3&#8243; section_title_tag=&#8221;h5&#8243; style=&#8221;outline&#8221; shape=&#8221;round&#8221; color=&#8221;blue&#8221; spacing=&#8221;5&#8243; c_align=&#8221;left&#8221; c_position=&#8221;right&#8221; active_section=&#8221;0&#8243; collapsible_all=&#8221;true&#8221;][vc_tta_section title=&#8221;LA DISPRASSIA VERBALE&#8221; tab_id=&#8221;1719831283227-59dae3d1-d7ce&#8221;][vc_column_text css=&#8221;&#8221;]<\/p>\n<h4><span style=\"color: #093a7c;\"><strong>Che cos\u2019\u00e8 le disprassia verbale?<\/strong><\/span><\/h4>\n<p>La Disprassia verbale rappresenta un disturbo del linguaggio espressivo dovuto da un disordine della pianificazione e programmazione dei movimenti coinvolti nell\u2019articolazione. Tale condizione si colloca spesso all\u2019interno di un quadro di disprassia generalizzata.<\/p>\n<h4><span style=\"color: #093a7c;\"><strong>Quali elementi caratterizzano il disturbo?<\/strong><\/span><\/h4>\n<p>Gli elementi che permettono di identificare la Disprassia verbale sono:<br \/>\n\u2013 eloquio caratterizzato da errori articolatori variabili sia in ripetizione sia in produzione spontanea;<br \/>\n\u2013 deficit di coarticolazione sequenziale di fonemi, sillabe e parole;<br \/>\n\u2013 alterazione della prosodia (velocit\u00e0, ritmo e intonazione);<br \/>\n\u2013 disprassia orale (non sempre presente) che comporta deficit dell\u2019apparato fonatorio (ad es. scialorrea, scarsa motilit\u00e0 della lingua, difficolt\u00e0 nelle prassie orali);<\/p>\n<h4><span style=\"color: #093a7c;\"><strong>Come si svolge il trattamento?<\/strong><\/span><\/h4>\n<p>Il trattamento della Disprassia verbale prevede proposte di terapia che prendono in considerazione tutti gli aspetti della fonetica articolatoria e della coarticolazione. L\u2019obiettivo del trattamento sar\u00e0 il raggiungimento dei movimenti normali coinvolti nell\u2019articolazione, attraverso un lavoro sui punti e modi di articolazione. Per un appropriato intervento \u00e8 necessario che la frequenza settimanale delle sedute non sia inferiore a due incontri e che ci sia un coinvolgimento attivo della famiglia, che permetta la costante ripetizione delle strutture fonetiche in fase di acquisizione favorendone la generalizzazione.<\/p>\n<p>Tra le principali tecniche che si individuano nella letteratura scientifica per il trattamento della Disprassia verbale, rientra la Tecnica PROMPT. Questa tecnica si basa sull\u2019utilizzo di input tattili-cinestetici che il logopedista sottopone agli organi articolatori del bambino (mandibola, labbra e lingua), all\u2019esterno del cavo orale, permettendo di guidare le traiettorie articolatorie, inibendo movimenti superflui, e fornendo informazioni sulla durata del movimento per ogni fonema e sulla transizione tra un fonema e quello successivo.<\/p>\n<p>Nei casi gravi di Disprassia verbale \u00e8 importante durante il trattamento, dare al bambino degli strumenti che possano potenziare la sua comunicazione. Questo \u00e8 possibile attraverso la Comunicazione Aumentativa Alternativa (CAA), ovvero un insieme di tecniche, strategie e strumenti che permettano di incrementare la comunicazione nelle persone che hanno difficolt\u00e0 nell\u2019utilizzare il linguaggio espressivo. Tra questi rientrano simboli, segni e software specifici che consentono di veicolare il messaggio verbale attraverso un canale alternativo.<\/p>\n<p>[\/vc_column_text][\/vc_tta_section][vc_tta_section title=&#8221;SQUILIBRIO MUSCOLARE OROFACCIALE E DEGLUTIZIONE DISFUNZIONALE&#8221; tab_id=&#8221;1719831283210-286450f8-536d&#8221;][vc_column_text css=&#8221;&#8221;]<\/p>\n<div class=\"wpb_column vc_column_container vc_col-sm-8\">\n<div class=\"vc_column-inner\">\n<div class=\"wpb_wrapper\">\n<div class=\"wpb_text_column wpb_content_element\">\n<div class=\"wpb_wrapper\">\n<h4 style=\"text-align: justify;\"><span style=\"color: #114090;\"><strong>Che cos\u2019\u00e8 lo squilibrio muscolare orofacciale?<\/strong><\/span><\/h4>\n<p style=\"text-align: justify;\">Lo SMOF (Squilibro Muscolare Orofacciale) si manifesta con alterazioni di una pi\u00f9 funzioni orali: deglutizione, respirazione, articolazione fonemica, posizione di riposo, masticazione. Tale squilibrio pu\u00f2 costituire una concausalit\u00e0 di patologie, direttamente o indirettamente, in diversi ambiti: funzionalit\u00e0 respiratoria, complesso dento-scheletrico, articolazione temporo-mandibolare, disturbi del sonno, igiene orale, muscolo scheletrico corporeo, mimica facciale.<\/p>\n<h4 style=\"text-align: justify;\"><strong><span style=\"color: #114090;\">Quali elementi caratterizzano il disturbo?<\/span><\/strong><\/h4>\n<p style=\"text-align: justify;\">La deglutizione \u00e8 un atto fisiologico che ci permette di ingoiare cibi e saliva. L\u2019atto deglutitorio coinvolge una serie di strutture anatomiche e fasci muscolari creando un bilanciamento di forze che agiscono a livello del complesso buccale, affinch\u00e8 ci\u00f2 avvenga correttamente, \u00e8 necessario che le strutture muscolari e nervose implicate lavorino in armonia.<\/p>\n<p style=\"text-align: justify;\">La deglutizione disfunzionale pu\u00f2 quindi avere un impatto importante sulla crescita del distretto facciale e pu\u00f2 contribuire in modo significativo allo sviluppo di uno squilibrio muscolare oro facciale o SMOF.<\/p>\n<p style=\"text-align: justify;\">Le cause possono essere molteplici e possono essere distinte in cause fisiologiche (attibuibili a patologia o ad alterazioni organiche) o iatrogene (attibuibili a comportamenti errati o da parte dell\u2019ambiente o dell\u2019individuo stesso).<\/p>\n<h4 style=\"text-align: justify;\"><span style=\"color: #114090;\"><strong>Come si svolge il trattamento?<\/strong><\/span><\/h4>\n<p style=\"text-align: justify;\">Lo SMOF per le sue caratteristiche di multifattorialit\u00e0 necessita innanzitutto di una valutazione multidisciplinare e molti sono gli specialisti coinvolti: logopedista, ortodonzista, otorinolaringoiatra, foniatra, pediatra, fisioterapista, osteopata.<\/p>\n<p style=\"text-align: justify;\">La terapia miofunzionale orofacciale \u00e8 un percorso logopedico di educazione e rieducazione delle funzioni orali. Il trattamento logopedico si pone l\u2019obiettivo del raggiungimento dell\u2019equilibrio pi\u00f9 adeguato per ogni singolo paziente, modificando e ricreando nuovi schemi neuromotori. Il trattamento pi\u00f9 noto \u00e8 quello attraverso la terapia miofunzionale secondo Garliner.<\/p>\n<\/div>\n<\/div>\n<div class=\"vc_do_toggle vc_toggle vc_toggle_arrow vc_toggle_color_default vc_toggle_size_md\">\n<div class=\"vc_toggle_title\"><\/div>\n<\/div>\n<\/div>\n<\/div>\n<\/div>\n<p>[\/vc_column_text][\/vc_tta_section][\/vc_tta_accordion][vc_empty_space][\/vc_column][vc_column width=&#8221;1\/6&#8243;][\/vc_column][\/vc_row]<\/p>\n<\/div>","protected":false},"excerpt":{"rendered":"<p>[vc_row full_width=&#8221;stretch_row_content_no_spaces&#8221; content_placement=&#8221;middle&#8221; container=&#8221;1&#8243;][vc_column][vc_empty_space][\/vc_column][\/vc_row][vc_row][vc_column width=&#8221;1\/6&#8243;][\/vc_column][vc_column width=&#8221;4\/6&#8243;][vc_column_text css=&#8221;&#8221;] Che cos\u2019\u00e8 il disturbo di linguaggio in altra condizione patologica? Il disturbo di linguaggio in altra condizione patologica (o disturbo del linguaggio secondario) \u00e8 un disturbo che riguarda difficolt\u00e0 nelle abilit\u00e0 linguistiche conseguenti ad un quadro patologico. Quali elementi caratterizzano il disturbo? &#8211; strutturali (come problemi uditivi, anomalie<\/p>\n","protected":false},"author":10,"featured_media":0,"parent":0,"menu_order":0,"comment_status":"closed","ping_status":"closed","template":"tpl-visual_composer.php","meta":{"footnotes":""},"categories":[],"tags":[349,345,362,357,350,69,361,356,341,359,340,354,157,351,363,347,211,339,204,342,360,369,348,47,364,104,202,366,365,343,344,353,352,346,367,358,355,368,160],"class_list":["post-3991","page","type-page","status-publish","hentry","tag-abilita-comunicativo-linguistiche","tag-anomalie-oro-bucco-facciali","tag-articolazione-temporo-mandibolare","tag-caa","tag-caratteristiche-di-sviluppo","tag-centro-clinico-ici","tag-complesso-dento-scheletrico","tag-comunicazione-aumentativa-alternativa","tag-condizione-patologica","tag-deglutizione-disfunzionale","tag-difficolta-nelle-abilita-linguistiche","tag-difficolta-nelle-prassie-orali","tag-disabilita-intellettiva","tag-disprassia-verbale","tag-disturbi-del-sonno","tag-disturbi-generalizzati-dello-sviluppo","tag-disturbo","tag-disturbo-del-linguaggio-secondario","tag-disturbo-di-linguaggio","tag-epilessie","tag-funzionalita-respiratoria","tag-garliner","tag-grave-deprivazione-affettiva","tag-ici","tag-igiene-orale","tag-istituto-ici","tag-logopedista","tag-mimica-facciale","tag-muscolo-scheletrico-corporeo","tag-paralisi-cerebrali-infantili","tag-problemi-uditivi","tag-scarsa-motilita-della-lingua","tag-scialorrea","tag-sindromi-genetiche","tag-smof","tag-squilibrio-muscolare-orofacciale","tag-tecnica-prompt","tag-terapia-miofunzionale","tag-unita-clinica-ici"],"yoast_head":"<!-- This site is optimized with the Yoast SEO plugin v27.4 - https:\/\/yoast.com\/product\/yoast-seo-wordpress\/ -->\r\n<title>Disturbo di linguaggio in altra condizione patologica - Centro clinico ICI<\/title>\r\n<meta name=\"description\" content=\"Il disturbo di linguaggio in altra condizione patologica riguarda difficolt\u00e0 nelle abilit\u00e0 linguistiche conseguenti ad un quadro patologico.\" \/>\r\n<meta name=\"robots\" content=\"index, follow, max-snippet:-1, max-image-preview:large, max-video-preview:-1\" \/>\r\n<link rel=\"canonical\" href=\"https:\/\/www.istitutoici.com\/index.php\/disturbo-di-linguaggio-in-altra-condizione-patologica\/\" \/>\r\n<meta property=\"og:locale\" content=\"it_IT\" \/>\r\n<meta property=\"og:type\" content=\"article\" \/>\r\n<meta property=\"og:title\" content=\"Disturbo di linguaggio in altra condizione patologica - Centro clinico ICI\" \/>\r\n<meta property=\"og:description\" content=\"Il disturbo di linguaggio in altra condizione patologica riguarda difficolt\u00e0 nelle abilit\u00e0 linguistiche conseguenti ad un quadro patologico.\" \/>\r\n<meta property=\"og:url\" content=\"https:\/\/www.istitutoici.com\/index.php\/disturbo-di-linguaggio-in-altra-condizione-patologica\/\" \/>\r\n<meta property=\"og:site_name\" content=\"Centro clinico ICI\" \/>\r\n<meta property=\"article:modified_time\" content=\"2024-07-30T10:36:01+00:00\" \/>\r\n<meta name=\"twitter:card\" content=\"summary_large_image\" \/>\r\n<meta name=\"twitter:label1\" content=\"Tempo di lettura stimato\" \/>\n\t<meta name=\"twitter:data1\" content=\"4 minuti\" \/>\r\n<script type=\"application\/ld+json\" class=\"yoast-schema-graph\">{\"@context\":\"https:\\\/\\\/schema.org\",\"@graph\":[{\"@type\":\"WebPage\",\"@id\":\"https:\\\/\\\/www.istitutoici.com\\\/index.php\\\/disturbo-di-linguaggio-in-altra-condizione-patologica\\\/\",\"url\":\"https:\\\/\\\/www.istitutoici.com\\\/index.php\\\/disturbo-di-linguaggio-in-altra-condizione-patologica\\\/\",\"name\":\"Disturbo di linguaggio in altra condizione patologica - Centro clinico ICI\",\"isPartOf\":{\"@id\":\"https:\\\/\\\/www.istitutoici.com\\\/#website\"},\"datePublished\":\"2024-06-28T09:01:10+00:00\",\"dateModified\":\"2024-07-30T10:36:01+00:00\",\"description\":\"Il disturbo di linguaggio in altra condizione patologica riguarda difficolt\u00e0 nelle abilit\u00e0 linguistiche conseguenti ad un quadro patologico.\",\"breadcrumb\":{\"@id\":\"https:\\\/\\\/www.istitutoici.com\\\/index.php\\\/disturbo-di-linguaggio-in-altra-condizione-patologica\\\/#breadcrumb\"},\"inLanguage\":\"it-IT\",\"potentialAction\":[{\"@type\":\"ReadAction\",\"target\":[\"https:\\\/\\\/www.istitutoici.com\\\/index.php\\\/disturbo-di-linguaggio-in-altra-condizione-patologica\\\/\"]}]},{\"@type\":\"BreadcrumbList\",\"@id\":\"https:\\\/\\\/www.istitutoici.com\\\/index.php\\\/disturbo-di-linguaggio-in-altra-condizione-patologica\\\/#breadcrumb\",\"itemListElement\":[{\"@type\":\"ListItem\",\"position\":1,\"name\":\"Home\",\"item\":\"https:\\\/\\\/www.istitutoici.com\\\/\"},{\"@type\":\"ListItem\",\"position\":2,\"name\":\"Disturbo di linguaggio in altra condizione patologica\"}]},{\"@type\":\"WebSite\",\"@id\":\"https:\\\/\\\/www.istitutoici.com\\\/#website\",\"url\":\"https:\\\/\\\/www.istitutoici.com\\\/\",\"name\":\"Centro clinico ICI\",\"description\":\"Centro accreditato Regione Lazio\",\"potentialAction\":[{\"@type\":\"SearchAction\",\"target\":{\"@type\":\"EntryPoint\",\"urlTemplate\":\"https:\\\/\\\/www.istitutoici.com\\\/?s={search_term_string}\"},\"query-input\":{\"@type\":\"PropertyValueSpecification\",\"valueRequired\":true,\"valueName\":\"search_term_string\"}}],\"inLanguage\":\"it-IT\"}]}<\/script>\r\n<!-- \/ Yoast SEO plugin. -->","yoast_head_json":{"title":"Disturbo di linguaggio in altra condizione patologica - Centro clinico ICI","description":"Il disturbo di linguaggio in altra condizione patologica riguarda difficolt\u00e0 nelle abilit\u00e0 linguistiche conseguenti ad un quadro patologico.","robots":{"index":"index","follow":"follow","max-snippet":"max-snippet:-1","max-image-preview":"max-image-preview:large","max-video-preview":"max-video-preview:-1"},"canonical":"https:\/\/www.istitutoici.com\/index.php\/disturbo-di-linguaggio-in-altra-condizione-patologica\/","og_locale":"it_IT","og_type":"article","og_title":"Disturbo di linguaggio in altra condizione patologica - Centro clinico ICI","og_description":"Il disturbo di linguaggio in altra condizione patologica riguarda difficolt\u00e0 nelle abilit\u00e0 linguistiche conseguenti ad un quadro patologico.","og_url":"https:\/\/www.istitutoici.com\/index.php\/disturbo-di-linguaggio-in-altra-condizione-patologica\/","og_site_name":"Centro clinico ICI","article_modified_time":"2024-07-30T10:36:01+00:00","twitter_card":"summary_large_image","twitter_misc":{"Tempo di lettura stimato":"4 minuti"},"schema":{"@context":"https:\/\/schema.org","@graph":[{"@type":"WebPage","@id":"https:\/\/www.istitutoici.com\/index.php\/disturbo-di-linguaggio-in-altra-condizione-patologica\/","url":"https:\/\/www.istitutoici.com\/index.php\/disturbo-di-linguaggio-in-altra-condizione-patologica\/","name":"Disturbo di linguaggio in altra condizione patologica - Centro clinico ICI","isPartOf":{"@id":"https:\/\/www.istitutoici.com\/#website"},"datePublished":"2024-06-28T09:01:10+00:00","dateModified":"2024-07-30T10:36:01+00:00","description":"Il disturbo di linguaggio in altra condizione patologica riguarda difficolt\u00e0 nelle abilit\u00e0 linguistiche conseguenti ad un quadro patologico.","breadcrumb":{"@id":"https:\/\/www.istitutoici.com\/index.php\/disturbo-di-linguaggio-in-altra-condizione-patologica\/#breadcrumb"},"inLanguage":"it-IT","potentialAction":[{"@type":"ReadAction","target":["https:\/\/www.istitutoici.com\/index.php\/disturbo-di-linguaggio-in-altra-condizione-patologica\/"]}]},{"@type":"BreadcrumbList","@id":"https:\/\/www.istitutoici.com\/index.php\/disturbo-di-linguaggio-in-altra-condizione-patologica\/#breadcrumb","itemListElement":[{"@type":"ListItem","position":1,"name":"Home","item":"https:\/\/www.istitutoici.com\/"},{"@type":"ListItem","position":2,"name":"Disturbo di linguaggio in altra condizione patologica"}]},{"@type":"WebSite","@id":"https:\/\/www.istitutoici.com\/#website","url":"https:\/\/www.istitutoici.com\/","name":"Centro clinico ICI","description":"Centro accreditato Regione Lazio","potentialAction":[{"@type":"SearchAction","target":{"@type":"EntryPoint","urlTemplate":"https:\/\/www.istitutoici.com\/?s={search_term_string}"},"query-input":{"@type":"PropertyValueSpecification","valueRequired":true,"valueName":"search_term_string"}}],"inLanguage":"it-IT"}]}},"_links":{"self":[{"href":"https:\/\/www.istitutoici.com\/index.php\/wp-json\/wp\/v2\/pages\/3991","targetHints":{"allow":["GET"]}}],"collection":[{"href":"https:\/\/www.istitutoici.com\/index.php\/wp-json\/wp\/v2\/pages"}],"about":[{"href":"https:\/\/www.istitutoici.com\/index.php\/wp-json\/wp\/v2\/types\/page"}],"author":[{"embeddable":true,"href":"https:\/\/www.istitutoici.com\/index.php\/wp-json\/wp\/v2\/users\/10"}],"replies":[{"embeddable":true,"href":"https:\/\/www.istitutoici.com\/index.php\/wp-json\/wp\/v2\/comments?post=3991"}],"version-history":[{"count":25,"href":"https:\/\/www.istitutoici.com\/index.php\/wp-json\/wp\/v2\/pages\/3991\/revisions"}],"predecessor-version":[{"id":4534,"href":"https:\/\/www.istitutoici.com\/index.php\/wp-json\/wp\/v2\/pages\/3991\/revisions\/4534"}],"wp:attachment":[{"href":"https:\/\/www.istitutoici.com\/index.php\/wp-json\/wp\/v2\/media?parent=3991"}],"wp:term":[{"taxonomy":"category","embeddable":true,"href":"https:\/\/www.istitutoici.com\/index.php\/wp-json\/wp\/v2\/categories?post=3991"},{"taxonomy":"post_tag","embeddable":true,"href":"https:\/\/www.istitutoici.com\/index.php\/wp-json\/wp\/v2\/tags?post=3991"}],"curies":[{"name":"wp","href":"https:\/\/api.w.org\/{rel}","templated":true}]}}