{"id":4091,"date":"2024-07-02T09:50:34","date_gmt":"2024-07-02T07:50:34","guid":{"rendered":"https:\/\/www.istitutoici.com\/?page_id=4091"},"modified":"2024-07-30T12:35:19","modified_gmt":"2024-07-30T10:35:19","slug":"disturbo-umore","status":"publish","type":"page","link":"https:\/\/www.istitutoici.com\/index.php\/disturbo-umore\/","title":{"rendered":"Disturbo dell&#8217;umore"},"content":{"rendered":"<div class=\"wpb-content-wrapper\"><p>[vc_row full_width=&#8221;stretch_row_content_no_spaces&#8221; content_placement=&#8221;middle&#8221; container=&#8221;1&#8243;][vc_column]\n\t\t\t<!-- START Disturbo dell&#039;umore REVOLUTION SLIDER 6.7.41 --><p class=\"rs-p-wp-fix\"><\/p>\n\t\t\t<rs-module-wrap id=\"rev_slider_18_1_wrapper\" data-source=\"gallery\" style=\"visibility:hidden;background:transparent;padding:0;margin:0px auto;margin-top:0;margin-bottom:0;\">\n\t\t\t\t<rs-module id=\"rev_slider_18_1\" style=\"\" data-version=\"6.7.41\">\n\t\t\t\t\t<rs-slides style=\"overflow: hidden; position: absolute;\">\n\t\t\t\t\t\t<rs-slide style=\"position: absolute;\" data-key=\"rs-41\" data-title=\"Slide\" data-in=\"o:0;\" data-out=\"a:false;\" data-mediafilter=\"rise\">\n\t\t\t\t\t\t\t<img decoding=\"async\" src=\"\/\/www.istitutoici.com\/wp-content\/plugins\/revslider\/sr6\/assets\/assets\/dummy.png\" alt=\"bambini\" title=\"fondo\" width=\"1600\" height=\"378\" class=\"rev-slidebg tp-rs-img rs-lazyload\" data-lazyload=\"\/\/www.istitutoici.com\/wp-content\/uploads\/2024\/06\/fondo.png\" data-panzoom=\"d:10000;ss:100%;se:100;os:-80px\/10px;\" data-no-retina>\n<!--\n\t\t\t\t\t\t\t--><rs-layer\n\t\t\t\t\t\t\t\tid=\"slider-18-slide-41-layer-1\" \n\t\t\t\t\t\t\t\tdata-type=\"text\"\n\t\t\t\t\t\t\t\tdata-color=\"#616370\"\n\t\t\t\t\t\t\t\tdata-rsp_ch=\"on\"\n\t\t\t\t\t\t\t\tdata-xy=\"x:c;xo:-17px,-4px,-1px,-1px;yo:88px,132px,59px,83px;\"\n\t\t\t\t\t\t\t\tdata-text=\"w:normal;s:35,36,32,24;l:40,40,37,25;ls:-1px,0px,0px,0px;fw:800;a:center;\"\n\t\t\t\t\t\t\t\tdata-dim=\"w:auto,775px,560px,419px;minh:0px,none,none,none;\"\n\t\t\t\t\t\t\t\tdata-frame_999=\"o:0;st:w;\"\n\t\t\t\t\t\t\t\tstyle=\"z-index:7;font-family:'Tahoma', 'Geneva', 'sans-serif';text-transform:uppercase;\"\n\t\t\t\t\t\t\t>Disturbo dell'umore \n\t\t\t\t\t\t\t<\/rs-layer><!--\n\n\t\t\t\t\t\t\t--><a\n\t\t\t\t\t\t\t\tid=\"slider-18-slide-41-layer-4\" \n\t\t\t\t\t\t\t\tclass=\"rs-layer rev-btn\"\n\t\t\t\t\t\t\t\thref=\"https:\/\/www.istitutoici.com\/index.php\/richiedi-un-appuntamento\/\" target=\"_self\"\n\t\t\t\t\t\t\t\tdata-type=\"button\"\n\t\t\t\t\t\t\t\tdata-rsp_ch=\"on\"\n\t\t\t\t\t\t\t\tdata-xy=\"x:c;xo:-15px,-2px,14px,-3px;yo:218px,271px,380px,174px;\"\n\t\t\t\t\t\t\t\tdata-text=\"w:normal;s:12,13,19,9;l:27,31,45,21;fw:500;\"\n\t\t\t\t\t\t\t\tdata-dim=\"minh:0,none,none,none;\"\n\t\t\t\t\t\t\t\tdata-padding=\"r:17,20,29,14;l:17,20,29,14;\"\n\t\t\t\t\t\t\t\tdata-border=\"bor:25px,25px,25px,25px;\"\n\t\t\t\t\t\t\t\tdata-frame_999=\"o:0;st:w;\"\n\t\t\t\t\t\t\t\tdata-frame_hover=\"bgc:#007aff;bor:25px,25px,25px,25px;bri:120%;\"\n\t\t\t\t\t\t\t\tstyle=\"z-index:10;background-color:#114090;font-family:'Roboto';\"\n\t\t\t\t\t\t\t>Contatta il Centro \n\t\t\t\t\t\t\t<\/a><!--\n\n\t\t\t\t\t\t\t--><rs-layer\n\t\t\t\t\t\t\t\tid=\"slider-18-slide-41-layer-5\" \n\t\t\t\t\t\t\t\tdata-type=\"text\"\n\t\t\t\t\t\t\t\tdata-color=\"#616370\"\n\t\t\t\t\t\t\t\tdata-rsp_ch=\"on\"\n\t\t\t\t\t\t\t\tdata-xy=\"x:c;xo:-20px,2px,-6px,-5px;yo:48px,89px,23px,49px;\"\n\t\t\t\t\t\t\t\tdata-text=\"w:normal;s:18,21,20,15;l:40,49,48,37;ls:0px,2px,1px,0px;fw:500;a:center;\"\n\t\t\t\t\t\t\t\tdata-dim=\"minh:0px,none,none,none;\"\n\t\t\t\t\t\t\t\tdata-frame_999=\"o:0;st:w;\"\n\t\t\t\t\t\t\t\tstyle=\"z-index:8;font-family:'Tahoma', 'Geneva', 'sans-serif';\"\n\t\t\t\t\t\t\t>Disturbi trattati \n\t\t\t\t\t\t\t<\/rs-layer><!--\n-->\t\t\t\t\t<\/rs-slide>\n\t\t\t\t\t<\/rs-slides>\n\t\t\t\t<\/rs-module>\n\t\t\t\t<script>\n\t\t\t\t\tsetREVStartSize({c: 'rev_slider_18_1',rl:[1240,1024,778,480],el:[400,768,300,300],gw:[1240,1024,778,480],gh:[400,768,300,300],type:'standard',justify:'',layout:'fullwidth',mh:\"0\"});if (window.RS_MODULES!==undefined && window.RS_MODULES.modules!==undefined && window.RS_MODULES.modules[\"revslider181\"]!==undefined) {window.RS_MODULES.modules[\"revslider181\"].once = false;window.revapi18 = undefined;if (window.RS_MODULES.checkMinimal!==undefined) window.RS_MODULES.checkMinimal()}\n\t\t\t\t<\/script>\n\t\t\t<\/rs-module-wrap>\n\t\t\t<!-- END REVOLUTION SLIDER -->\n[vc_empty_space][\/vc_column][\/vc_row][vc_row][vc_column width=&#8221;1\/6&#8243;][\/vc_column][vc_column width=&#8221;4\/6&#8243;][vc_column_text css=&#8221;&#8221;]<\/p>\n<h3><span style=\"color: #114090;\"><strong>I DISTURBI D&#8217;ANSIA IN ETA&#8217; EVOLUTIVA<\/strong><\/span><\/h3>\n<p>I disturbi dell\u2019et\u00e0 evolutiva hanno la caratteristica di esordire nelle prime fasi dello sviluppo della persona. Generalmente implicano una compromissione del funzionamento personale, sociale, scolastico o lavorativo.<\/p>\n<p>Nell\u2019ambito della psicopatologia dello sviluppo riguardante i <span style=\"color: #114090;\">disturbi dell\u2019umore<\/span>, il Disturbo depressivo maggiore (DDM) \u00e8 la forma pi\u00f9 diffusa di depressione nei bambini e negli adolescenti. Per soddisfare la diagnosi, devono essere presenti almeno cinque sintomi per almeno due settimane, che indichino un cambiamento significativo rispetto al funzionamento precedente. I possibili sintomi sono: umore depresso (o irritabilit\u00e0); marcata diminuzione di interesse o piacere per tutte, o quasi tutte, le attivit\u00e0; significativa perdita o aumento di peso oppure aumento o diminuzione dell\u2019appetito (nei bambini anche incapacit\u00e0 di raggiungere i normali livelli ponderali); insonnia o ipersonnia; agitazione o rallentamento psicomotorio; faticabilit\u00e0 o mancanza di energia; sentimenti di autosvalutazione o di colpa eccessivi o inappropriati; ridotta capacit\u00e0 di pensare o concentrarsi o indecisione; pensieri ricorrenti di morte; ricorrente ideazione suicidaria senza un piano specifico o un tentativo di suicidio o un piano specifico per commettere suicidio. I sintomi devono causare disagio clinicamente significativo o una compromissione del funzionamento in ambito sociale, lavorativo o in altre aree importanti.<\/p>\n<p>Il Disturbo depressivo persistente (Distimia) \u00e8 un forma di depressione meno grave. Nel DSM-5, i criteri per bambini e adolescenti sottolineano che deve essere presente un umore depresso o irritabile per almeno un anno, durante il quale il bambino o l\u2019adolescente presenta due o pi\u00f9 dei seguenti sintomi: scarso appetito o iperfagia; insonnia o ipersonnia; scarsa energia o astenia; bassa autostima; difficolt\u00e0 di concentrazione o nel prendere decisioni; sentimenti di disperazione.<\/p>\n<p>Nei soggetti in et\u00e0 evolutiva la sintomatologia si presenta secondo modalit\u00e0 peculiari e differenti rispetto all&#8217;et\u00e0 adulta: ad esempio l\u2019anedonia nei bambini pu\u00f2 manifestarsi nella diminuzione dell\u2019attivit\u00e0 di gioco; la difficolt\u00e0 nella concentrazione concentrarsi pu\u00f2 rendersi evidente in un calo del rendimento scolastico. L\u2019irritabilit\u00e0 \u00e8 rilevante quando il bambino, inizia ad avere maggiori conflitti con i pari oppure presenta comportamenti oppositivi.[\/vc_column_text][vc_empty_space][\/vc_column][vc_column width=&#8221;1\/6&#8243;][\/vc_column][\/vc_row]<\/p>\n<\/div>","protected":false},"excerpt":{"rendered":"<p>[vc_row full_width=&#8221;stretch_row_content_no_spaces&#8221; content_placement=&#8221;middle&#8221; container=&#8221;1&#8243;][vc_column][vc_empty_space][\/vc_column][\/vc_row][vc_row][vc_column width=&#8221;1\/6&#8243;][\/vc_column][vc_column width=&#8221;4\/6&#8243;][vc_column_text css=&#8221;&#8221;] I DISTURBI D&#8217;ANSIA IN ETA&#8217; EVOLUTIVA I disturbi dell\u2019et\u00e0 evolutiva hanno la caratteristica di esordire nelle prime fasi dello sviluppo della persona. Generalmente implicano una compromissione del funzionamento personale, sociale, scolastico o lavorativo. Nell\u2019ambito della psicopatologia dello sviluppo riguardante i disturbi dell\u2019umore, il Disturbo depressivo maggiore (DDM) \u00e8<\/p>\n","protected":false},"author":10,"featured_media":0,"parent":0,"menu_order":0,"comment_status":"closed","ping_status":"closed","template":"tpl-visual_composer.php","meta":{"footnotes":""},"categories":[],"tags":[383,228,379,386,397,69,389,373,370,374,380,392,75,372,394,393,384,47,381,396,382,376,104,385,377,390,378,312,388,395,387,391,371,375,160],"class_list":["post-4091","page","type-page","status-publish","hentry","tag-agitazione","tag-ansia","tag-aumento-di-peso","tag-autosvalutazione","tag-bassa-autostima","tag-centro-clinico-ici","tag-concentrarsi","tag-ddm","tag-depressione","tag-depressione-nei-bambini-e-negli-adolescenti","tag-diminuzione-dellappetito","tag-distimia","tag-disturbi-dellumore","tag-disturbo-depressivo-maggiore","tag-disturbo-depressivo-persistente","tag-dsm-5","tag-faticabilita","tag-ici","tag-insonnia","tag-iperfagia","tag-ipersonnia","tag-irritabilita","tag-istituto-ici","tag-mancanza-di-energia","tag-marcata-diminuzione-di-interesse","tag-pensieri-ricorrenti-di-morte","tag-piacere-per-tutte-le-attivita","tag-psicopatologia-dello-sviluppo","tag-ridotta-capacita-di-pensare","tag-scarso-appetito","tag-sentimenti","tag-suicidio","tag-umore","tag-umore-depresso","tag-unita-clinica-ici"],"yoast_head":"<!-- This site is optimized with the Yoast SEO plugin v27.4 - https:\/\/yoast.com\/product\/yoast-seo-wordpress\/ -->\r\n<title>Disturbo dell&#039;umore - Centro clinico ICI<\/title>\r\n<meta name=\"description\" content=\"Il Disturbo depressivo maggiore (DDM) \u00e8 la forma pi\u00f9 diffusa di depressione nei bambini e negli adolescenti.\" \/>\r\n<meta name=\"robots\" content=\"index, follow, max-snippet:-1, max-image-preview:large, max-video-preview:-1\" \/>\r\n<link rel=\"canonical\" href=\"https:\/\/www.istitutoici.com\/index.php\/disturbo-umore\/\" \/>\r\n<meta property=\"og:locale\" content=\"it_IT\" \/>\r\n<meta property=\"og:type\" content=\"article\" \/>\r\n<meta property=\"og:title\" content=\"Disturbo dell&#039;umore - Centro clinico ICI\" \/>\r\n<meta property=\"og:description\" content=\"Il Disturbo depressivo maggiore (DDM) \u00e8 la forma pi\u00f9 diffusa di depressione nei bambini e negli adolescenti.\" \/>\r\n<meta property=\"og:url\" content=\"https:\/\/www.istitutoici.com\/index.php\/disturbo-umore\/\" \/>\r\n<meta property=\"og:site_name\" content=\"Centro clinico ICI\" \/>\r\n<meta property=\"article:modified_time\" content=\"2024-07-30T10:35:19+00:00\" \/>\r\n<meta name=\"twitter:card\" content=\"summary_large_image\" \/>\r\n<meta name=\"twitter:label1\" content=\"Tempo di lettura stimato\" \/>\n\t<meta name=\"twitter:data1\" content=\"2 minuti\" \/>\r\n<script type=\"application\/ld+json\" class=\"yoast-schema-graph\">{\"@context\":\"https:\\\/\\\/schema.org\",\"@graph\":[{\"@type\":\"WebPage\",\"@id\":\"https:\\\/\\\/www.istitutoici.com\\\/index.php\\\/disturbo-umore\\\/\",\"url\":\"https:\\\/\\\/www.istitutoici.com\\\/index.php\\\/disturbo-umore\\\/\",\"name\":\"Disturbo dell'umore - Centro clinico ICI\",\"isPartOf\":{\"@id\":\"https:\\\/\\\/www.istitutoici.com\\\/#website\"},\"datePublished\":\"2024-07-02T07:50:34+00:00\",\"dateModified\":\"2024-07-30T10:35:19+00:00\",\"description\":\"Il Disturbo depressivo maggiore (DDM) \u00e8 la forma pi\u00f9 diffusa di depressione nei bambini e negli adolescenti.\",\"breadcrumb\":{\"@id\":\"https:\\\/\\\/www.istitutoici.com\\\/index.php\\\/disturbo-umore\\\/#breadcrumb\"},\"inLanguage\":\"it-IT\",\"potentialAction\":[{\"@type\":\"ReadAction\",\"target\":[\"https:\\\/\\\/www.istitutoici.com\\\/index.php\\\/disturbo-umore\\\/\"]}]},{\"@type\":\"BreadcrumbList\",\"@id\":\"https:\\\/\\\/www.istitutoici.com\\\/index.php\\\/disturbo-umore\\\/#breadcrumb\",\"itemListElement\":[{\"@type\":\"ListItem\",\"position\":1,\"name\":\"Home\",\"item\":\"https:\\\/\\\/www.istitutoici.com\\\/\"},{\"@type\":\"ListItem\",\"position\":2,\"name\":\"Disturbo dell&#8217;umore\"}]},{\"@type\":\"WebSite\",\"@id\":\"https:\\\/\\\/www.istitutoici.com\\\/#website\",\"url\":\"https:\\\/\\\/www.istitutoici.com\\\/\",\"name\":\"Centro clinico ICI\",\"description\":\"Centro accreditato Regione Lazio\",\"potentialAction\":[{\"@type\":\"SearchAction\",\"target\":{\"@type\":\"EntryPoint\",\"urlTemplate\":\"https:\\\/\\\/www.istitutoici.com\\\/?s={search_term_string}\"},\"query-input\":{\"@type\":\"PropertyValueSpecification\",\"valueRequired\":true,\"valueName\":\"search_term_string\"}}],\"inLanguage\":\"it-IT\"}]}<\/script>\r\n<!-- \/ Yoast SEO plugin. -->","yoast_head_json":{"title":"Disturbo dell'umore - Centro clinico ICI","description":"Il Disturbo depressivo maggiore (DDM) \u00e8 la forma pi\u00f9 diffusa di depressione nei bambini e negli adolescenti.","robots":{"index":"index","follow":"follow","max-snippet":"max-snippet:-1","max-image-preview":"max-image-preview:large","max-video-preview":"max-video-preview:-1"},"canonical":"https:\/\/www.istitutoici.com\/index.php\/disturbo-umore\/","og_locale":"it_IT","og_type":"article","og_title":"Disturbo dell'umore - Centro clinico ICI","og_description":"Il Disturbo depressivo maggiore (DDM) \u00e8 la forma pi\u00f9 diffusa di depressione nei bambini e negli adolescenti.","og_url":"https:\/\/www.istitutoici.com\/index.php\/disturbo-umore\/","og_site_name":"Centro clinico ICI","article_modified_time":"2024-07-30T10:35:19+00:00","twitter_card":"summary_large_image","twitter_misc":{"Tempo di lettura stimato":"2 minuti"},"schema":{"@context":"https:\/\/schema.org","@graph":[{"@type":"WebPage","@id":"https:\/\/www.istitutoici.com\/index.php\/disturbo-umore\/","url":"https:\/\/www.istitutoici.com\/index.php\/disturbo-umore\/","name":"Disturbo dell'umore - Centro clinico ICI","isPartOf":{"@id":"https:\/\/www.istitutoici.com\/#website"},"datePublished":"2024-07-02T07:50:34+00:00","dateModified":"2024-07-30T10:35:19+00:00","description":"Il Disturbo depressivo maggiore (DDM) \u00e8 la forma pi\u00f9 diffusa di depressione nei bambini e negli adolescenti.","breadcrumb":{"@id":"https:\/\/www.istitutoici.com\/index.php\/disturbo-umore\/#breadcrumb"},"inLanguage":"it-IT","potentialAction":[{"@type":"ReadAction","target":["https:\/\/www.istitutoici.com\/index.php\/disturbo-umore\/"]}]},{"@type":"BreadcrumbList","@id":"https:\/\/www.istitutoici.com\/index.php\/disturbo-umore\/#breadcrumb","itemListElement":[{"@type":"ListItem","position":1,"name":"Home","item":"https:\/\/www.istitutoici.com\/"},{"@type":"ListItem","position":2,"name":"Disturbo dell&#8217;umore"}]},{"@type":"WebSite","@id":"https:\/\/www.istitutoici.com\/#website","url":"https:\/\/www.istitutoici.com\/","name":"Centro clinico ICI","description":"Centro accreditato Regione Lazio","potentialAction":[{"@type":"SearchAction","target":{"@type":"EntryPoint","urlTemplate":"https:\/\/www.istitutoici.com\/?s={search_term_string}"},"query-input":{"@type":"PropertyValueSpecification","valueRequired":true,"valueName":"search_term_string"}}],"inLanguage":"it-IT"}]}},"_links":{"self":[{"href":"https:\/\/www.istitutoici.com\/index.php\/wp-json\/wp\/v2\/pages\/4091","targetHints":{"allow":["GET"]}}],"collection":[{"href":"https:\/\/www.istitutoici.com\/index.php\/wp-json\/wp\/v2\/pages"}],"about":[{"href":"https:\/\/www.istitutoici.com\/index.php\/wp-json\/wp\/v2\/types\/page"}],"author":[{"embeddable":true,"href":"https:\/\/www.istitutoici.com\/index.php\/wp-json\/wp\/v2\/users\/10"}],"replies":[{"embeddable":true,"href":"https:\/\/www.istitutoici.com\/index.php\/wp-json\/wp\/v2\/comments?post=4091"}],"version-history":[{"count":3,"href":"https:\/\/www.istitutoici.com\/index.php\/wp-json\/wp\/v2\/pages\/4091\/revisions"}],"predecessor-version":[{"id":4536,"href":"https:\/\/www.istitutoici.com\/index.php\/wp-json\/wp\/v2\/pages\/4091\/revisions\/4536"}],"wp:attachment":[{"href":"https:\/\/www.istitutoici.com\/index.php\/wp-json\/wp\/v2\/media?parent=4091"}],"wp:term":[{"taxonomy":"category","embeddable":true,"href":"https:\/\/www.istitutoici.com\/index.php\/wp-json\/wp\/v2\/categories?post=4091"},{"taxonomy":"post_tag","embeddable":true,"href":"https:\/\/www.istitutoici.com\/index.php\/wp-json\/wp\/v2\/tags?post=4091"}],"curies":[{"name":"wp","href":"https:\/\/api.w.org\/{rel}","templated":true}]}}